{"id":699,"date":"2017-06-08T12:15:46","date_gmt":"2017-06-08T10:15:46","guid":{"rendered":"https:\/\/info.edu.turku.fi\/katedral\/?page_id=699"},"modified":"2025-10-21T10:21:17","modified_gmt":"2025-10-21T08:21:17","slug":"franvaro","status":"publish","type":"page","link":"https:\/\/info.edu.turku.fi\/katedral\/en-hemsides-sektion\/franvaro\/","title":{"rendered":"Fr\u00e5nvaro"},"content":{"rendered":"<div class=\"wp-block-image\">\n<figure class=\"alignright size-medium\"><a href=\"https:\/\/info.edu.turku.fi\/katedral\/wp-content\/uploads\/2025\/10\/Info-till-hemmen-om-ingripande-i-fra\u030anvaro-29.4.2025_sve.pdf\"><img decoding=\"async\" loading=\"lazy\" width=\"300\" height=\"204\" src=\"https:\/\/info.edu.turku.fi\/katedral\/wp-content\/uploads\/2025\/10\/Infotillhemmen-300x204.png\" alt=\"\" class=\"wp-image-4893\" srcset=\"https:\/\/info.edu.turku.fi\/katedral\/wp-content\/uploads\/2025\/10\/Infotillhemmen-300x204.png 300w, https:\/\/info.edu.turku.fi\/katedral\/wp-content\/uploads\/2025\/10\/Infotillhemmen-768x521.png 768w, https:\/\/info.edu.turku.fi\/katedral\/wp-content\/uploads\/2025\/10\/Infotillhemmen-360x244.png 360w, https:\/\/info.edu.turku.fi\/katedral\/wp-content\/uploads\/2025\/10\/Infotillhemmen.png 800w\" sizes=\"(max-width: 300px) 100vw, 300px\" \/><\/a><figcaption class=\"wp-element-caption\">Klicka p\u00e5 l\u00e4nken f\u00f6r att f\u00f6rstora bilden<\/figcaption><\/figure><\/div>\n\n<h2>N\u00e4rvaro och fr\u00e5nvaroregler<\/h2>\n<p>\u00c4ven i gymnasiet r\u00e5der det n\u00e4rvaroplikt. Som studerande har du skyldighet att delta i undervisningen och andra evenemang som ordnas inom ramen f\u00f6r skolans verksamhet<div id=\"post9-link-699\" class=\"sh-link post9-link sh-hide\"><a href=\"#\" onclick=\"showhide_toggle('post9', 699, 'L\u00e4s mera...', 'Visa mindre...'); return false;\" aria-expanded=\"false\"><span id=\"post9-toggle-699\">L\u00e4s mera...<\/span><\/a><\/div><div id=\"post9-content-699\" class=\"sh-content post9-content sh-hide\" style=\"display: none;\"><\/p>\n<p>&#8230; om annat\u00a0inte meddelats eller studeranden befriats fr\u00e5n deltagande. (enligt Gymnasielagen \u00a725)<\/p>\n<p>L\u00e4raren kontrollerar n\u00e4rvaron vid varje lektion och f\u00f6r in anteckningar om\u00a0den studerandes\u00a0fr\u00e5nvaro i Wilma.<\/p>\n<p><\/div><\/p>\n<h3>Sjukfr\u00e5nvaro och -anm\u00e4lan<\/h3>\n<p>Om en studerande \u00e4r fr\u00e5nvarande pga sjukdom meddelar v\u00e5rdnadshavaren om fr\u00e5nvaron via Wilma. \u00a0(Lektionsanteckningar -&gt; &#8221;Meddela om fr\u00e5nvaro&#8221;). Anm\u00e4lan g\u00e4ller\u00a0<div id=\"post10-link-699\" class=\"sh-link post10-link sh-hide\"><a href=\"#\" onclick=\"showhide_toggle('post10', 699, 'L\u00e4s mera...', 'Visa mindre...'); return false;\" aria-expanded=\"false\"><span id=\"post10-toggle-699\">L\u00e4s mera...<\/span><\/a><\/div><div id=\"post10-content-699\" class=\"sh-content post10-content sh-hide\" style=\"display: none;\">endast en dag (anm\u00e4lan som g\u00f6rs f\u00f6re kl. 12 g\u00e4ller samma dag, g\u00f6rs den efter kl. 12 g\u00e4ller den f\u00f6ljande dag).<\/p>\n<p>En studerande som blir sjuk under skoldagen m\u00e5ste anm\u00e4la sig till en l\u00e4rare eller till skolsekreteraren innan han eller hon g\u00e5r hem.<\/p>\n<p><\/div><\/p>\n<h3>Fr\u00e5nvaro av annan orsak<\/h3>\n<p>Om en studerande m\u00e5ste\u00a0vara borta av annan orsak ska v\u00e5rdnadshavaren i god tid ans\u00f6ka om lov via Wilma.<div id=\"post11-link-699\" class=\"sh-link post11-link sh-hide\"><a href=\"#\" onclick=\"showhide_toggle('post11', 699, 'L\u00e4s mera...', 'Visa mindre...'); return false;\" aria-expanded=\"false\"><span id=\"post11-toggle-699\">L\u00e4s mera...<\/span><\/a><\/div><div id=\"post11-content-699\" class=\"sh-content post11-content sh-hide\" style=\"display: none;\">Om fr\u00e5nvaron g\u00e4ller en eller flera skoldagar g\u00f6rs ans\u00f6kan elektroniskt, och hittas i Wilma under &#8221;Ans\u00f6kningar och beslut&#8221;. Klicka p\u00e5 &#8221;G\u00f6r en ny ans\u00f6kan&#8221; och v\u00e4lj d\u00e4refter<\/p>\n<ul>\n<li>1-3 dagars fr\u00e5nvaro eller<\/li>\n<li>\u00f6ver 3 dagars fr\u00e5nvaro.<\/li>\n<\/ul>\n<p>Om det handlar om enstaka lektioner r\u00e4cker det med att vara i direkt kontakt med l\u00e4raren.<\/p>\n<p><\/div><\/p>\n<h3>Fr\u00e5nvaro fr\u00e5n provtillf\u00e4lle<\/h3>\n<p>N\u00e4r en studerande insjuknat inf\u00f6r ett prov eller en bed\u00f6md prestation, g\u00f6rs sjukanm\u00e4lan p\u00e5 samma s\u00e4tt som vid sjukfr\u00e5nvaro och -anm\u00e4lan, dvs. via Wilma.<\/p>\n<h3>\u00d6vrigt<\/h3>\n<p><em>Godtagbar fr\u00e5nvaro<\/em> \u00e4r bl.a. sjukdom, n\u00f6dv\u00e4ndiga tandl\u00e4karbes\u00f6k, l\u00e4karbes\u00f6k eller bes\u00f6k hos kuratorn eller h\u00e4lsov\u00e5rdaren, resa som man anh\u00e5llit om lov f\u00f6r, deltagande i annan verksamhet som ordnats av skolan, deltagande i tr\u00e4ning, t\u00e4vlingar eller l\u00e4ger f\u00f6r dem som \u00e4r med i idrottsakademins verksamhet, k\u00f6rprov.<\/p>\n<p><em>Icke godtagbar fr\u00e5nvaro <\/em>\u00e4r bl.a. k\u00f6rlektioner, l\u00e4sning inf\u00f6r prov, tr\u00e4ffar med v\u00e4nner, icke akuta l\u00e4kar- och tandl\u00e4karbes\u00f6k.<\/p>\n<p><strong><em>Olovlig fr\u00e5nvaro<\/em> och\/eller <em>f\u00f6r stort antal fr\u00e5nvarotimmar<\/em> kan leda till att ett studieavsnitt inte kan bed\u00f6mas.<\/strong> Studieavsnittet r\u00e4knas d\u00e5 som avbrutet och den studerande m\u00e5ste g\u00e5 om studieavsnittet.<\/p>\n<p>Studerande som har fyllt 18 \u00e5r har r\u00e4tt att sj\u00e4lv meddela om sjukfr\u00e5nvaro eller anh\u00e5lla om ledighet. Vid behov kan skolan kr\u00e4va intyg av h\u00e4lsov\u00e5rdspersonal eller f\u00f6r\u00e4lder.<\/p>\n\n\n<p><a href=\"https:\/\/info.edu.turku.fi\/katedral\/wp-content\/uploads\/2025\/10\/Info-till-hemmen-om-ingripande-i-fra\u030anvaro-29.4.2025_sve.pdf\">http<\/a><a href=\"https:\/\/info.edu.turku.fi\/katedral\/wp-content\/uploads\/2025\/10\/Info-till-hemmen-om-ingripande-i-fra\u030anvaro-29.4.2025_sve.pdf\" target=\"_blank\" rel=\"noreferrer noopener\">s:\/\/info.edu.turku.fi\/katedral\/wp-content\/uploads\/2025\/10\/Info-till-hemmen-om-ingripande-i-fra\u030anvaro-29.4.2025_sve.pdf<\/a><\/p>\n","protected":false},"excerpt":{"rendered":"<p>N\u00e4rvaro och fr\u00e5nvaroregler \u00c4ven i gymnasiet r\u00e5der det n\u00e4rvaroplikt. Som studerande har du skyldighet att delta i undervisningen och andra evenemang som ordnas inom ramen f\u00f6r skolans verksamhet Sjukfr\u00e5nvaro och -anm\u00e4lan Om en studerande \u00e4r fr\u00e5nvarande pga sjukdom meddelar v\u00e5rdnadshavaren <a href=\"https:\/\/info.edu.turku.fi\/katedral\/en-hemsides-sektion\/franvaro\/\" class=\"read-more\">L\u00e4s mera &#8230;<\/a><\/p>\n","protected":false},"author":1,"featured_media":0,"parent":20,"menu_order":0,"comment_status":"closed","ping_status":"closed","template":"","meta":{"footnotes":""},"_links":{"self":[{"href":"https:\/\/info.edu.turku.fi\/katedral\/wp-json\/wp\/v2\/pages\/699"}],"collection":[{"href":"https:\/\/info.edu.turku.fi\/katedral\/wp-json\/wp\/v2\/pages"}],"about":[{"href":"https:\/\/info.edu.turku.fi\/katedral\/wp-json\/wp\/v2\/types\/page"}],"author":[{"embeddable":true,"href":"https:\/\/info.edu.turku.fi\/katedral\/wp-json\/wp\/v2\/users\/1"}],"replies":[{"embeddable":true,"href":"https:\/\/info.edu.turku.fi\/katedral\/wp-json\/wp\/v2\/comments?post=699"}],"version-history":[{"count":13,"href":"https:\/\/info.edu.turku.fi\/katedral\/wp-json\/wp\/v2\/pages\/699\/revisions"}],"predecessor-version":[{"id":4897,"href":"https:\/\/info.edu.turku.fi\/katedral\/wp-json\/wp\/v2\/pages\/699\/revisions\/4897"}],"up":[{"embeddable":true,"href":"https:\/\/info.edu.turku.fi\/katedral\/wp-json\/wp\/v2\/pages\/20"}],"wp:attachment":[{"href":"https:\/\/info.edu.turku.fi\/katedral\/wp-json\/wp\/v2\/media?parent=699"}],"curies":[{"name":"wp","href":"https:\/\/api.w.org\/{rel}","templated":true}]}}