{"id":538,"date":"2017-06-07T08:16:13","date_gmt":"2017-06-07T06:16:13","guid":{"rendered":"https:\/\/info.edu.turku.fi\/katedral\/?page_id=538"},"modified":"2024-06-06T10:17:37","modified_gmt":"2024-06-06T08:17:37","slug":"stodfunktioner","status":"publish","type":"page","link":"https:\/\/info.edu.turku.fi\/katedral\/en-hemsides-sektion\/stodfunktioner\/","title":{"rendered":"St\u00f6dfunktioner"},"content":{"rendered":"<h2>St\u00f6dfunktioner<\/h2>\n<p>En \u00f6versikt \u00f6ver st\u00f6dfunktionerna i Katedralskolan hittar du p\u00e5 den h\u00e4r l\u00e4nken: <a href=\"https:\/\/blog.edu.turku.fi\/ohjaus-ja-tuki-lukioissa\/sv_SE\/lukiot-turussa\/katedralskolan-i-abo\/\" target=\"_blank\" rel=\"noopener noreferrer\">Handledning och st\u00f6d i gymnasiet<\/a><\/p>\n<h3>Handledning<\/h3>\n<p>I gymnasiet kan du f\u00e5 st\u00f6d med studierna och studierelaterade fr\u00e5gor av studiehandledaren, grupphandledaren och naturligtvis av \u00e4mnesl\u00e4rarna. <span class=\"s1\"><div id=\"post-link-538\" class=\"sh-link post-link sh-hide\"><a href=\"#\" onclick=\"showhide_toggle('post', 538, 'L\u00e4s mera...', 'Visa mindre...'); return false;\" aria-expanded=\"false\"><span id=\"post-toggle-538\">L\u00e4s mera...<\/span><\/a><\/div><div id=\"post-content-538\" class=\"sh-content post-content sh-hide\" style=\"display: none;\"><\/span>Vem som g\u00f6r vad inom handledningen kan du l\u00e4sa i skolans l\u00e4roplan p\u00e5 sidorna 27-30.<\/p>\n<p><span style=\"color: #ff0000;\"><span style=\"color: #000000;\"><\/div><\/span><\/span><\/p>\n<h3>Studerandev\u00e5rd<\/h3>\n<p>Som enskild studerande har du r\u00e4tt till individuell studerandev\u00e5rd, dvs. studerandeh\u00e4lsov\u00e5rdstj\u00e4nster, psykolog- och kuratorstj\u00e4nster samt till yrkes\u00f6vergripande individuell studerandev\u00e5rd.<span class=\"s1\"><div id=\"post12-link-538\" class=\"sh-link post12-link sh-hide\"><a href=\"#\" onclick=\"showhide_toggle('post12', 538, 'L\u00e4s mera...', 'Visa mindre...'); return false;\" aria-expanded=\"false\"><span id=\"post12-toggle-538\">L\u00e4s mera...<\/span><\/a><\/div><div id=\"post12-content-538\" class=\"sh-content post12-content sh-hide\" style=\"display: none;\"><\/span>Studerandev\u00e5rdstj\u00e4nsterna tillhandah\u00e5lls i studerandeh\u00e4lsov\u00e5rdens utrymmen i f\u00f6rsta v\u00e5ningen, ing\u00e5ng via A-trappan. Du kan l\u00e4sa p\u00e5 Wilma om h\u00e4lsov\u00e5rdarens och kuratorns mottagningstider.<\/p>\n<p><span style=\"color: #ff0000;\"><span style=\"color: #000000;\"><\/div><\/span><\/span><\/p>\n<h3>Studerandek\u00e5ren och tutorerna<\/h3>\n<p>kompletteras senare<\/p>\n<h3>Studiesociala f\u00f6rm\u00e5ner<\/h3>\n<p>Information om studiest\u00f6d och resest\u00f6d hittar du p\u00e5 <a href=\"http:\/\/www.kela.fi\/web\/sv\/studerande\">FPA:<\/a>s och <a href=\"http:\/\/www.foli.fi\/sv\/biljetter-och-priser\/blanketter\">F\u00d6LI<\/a>:s hemsidor. Studiehandledaren handl\u00e4gger \u00e4renden som har med studiest\u00f6det att g\u00f6ra och skolsekreteraren fr\u00e5gor som har med skolresor att g\u00f6ra.<\/p>\n\n\n<p><strong>L\u00e4nk till stadens sida<a href=\"https:\/\/www.turku.fi\/sv\/dagvard-och-utbildning\/gymnasieutbildning\/stod-studerande\"> St\u00f6d f\u00f6r studerande<\/a><\/strong><\/p>\n","protected":false},"excerpt":{"rendered":"<p>St\u00f6dfunktioner En \u00f6versikt \u00f6ver st\u00f6dfunktionerna i Katedralskolan hittar du p\u00e5 den h\u00e4r l\u00e4nken: Handledning och st\u00f6d i gymnasiet Handledning I gymnasiet kan du f\u00e5 st\u00f6d med studierna och studierelaterade fr\u00e5gor av studiehandledaren, grupphandledaren och naturligtvis av \u00e4mnesl\u00e4rarna. Studerandev\u00e5rd Som enskild <a href=\"https:\/\/info.edu.turku.fi\/katedral\/en-hemsides-sektion\/stodfunktioner\/\" class=\"read-more\">L\u00e4s mera &#8230;<\/a><\/p>\n","protected":false},"author":1,"featured_media":0,"parent":20,"menu_order":0,"comment_status":"closed","ping_status":"closed","template":"","meta":{"footnotes":""},"_links":{"self":[{"href":"https:\/\/info.edu.turku.fi\/katedral\/wp-json\/wp\/v2\/pages\/538"}],"collection":[{"href":"https:\/\/info.edu.turku.fi\/katedral\/wp-json\/wp\/v2\/pages"}],"about":[{"href":"https:\/\/info.edu.turku.fi\/katedral\/wp-json\/wp\/v2\/types\/page"}],"author":[{"embeddable":true,"href":"https:\/\/info.edu.turku.fi\/katedral\/wp-json\/wp\/v2\/users\/1"}],"replies":[{"embeddable":true,"href":"https:\/\/info.edu.turku.fi\/katedral\/wp-json\/wp\/v2\/comments?post=538"}],"version-history":[{"count":16,"href":"https:\/\/info.edu.turku.fi\/katedral\/wp-json\/wp\/v2\/pages\/538\/revisions"}],"predecessor-version":[{"id":4405,"href":"https:\/\/info.edu.turku.fi\/katedral\/wp-json\/wp\/v2\/pages\/538\/revisions\/4405"}],"up":[{"embeddable":true,"href":"https:\/\/info.edu.turku.fi\/katedral\/wp-json\/wp\/v2\/pages\/20"}],"wp:attachment":[{"href":"https:\/\/info.edu.turku.fi\/katedral\/wp-json\/wp\/v2\/media?parent=538"}],"curies":[{"name":"wp","href":"https:\/\/api.w.org\/{rel}","templated":true}]}}