{"id":3884,"date":"2023-09-18T14:43:49","date_gmt":"2023-09-18T12:43:49","guid":{"rendered":"https:\/\/info.edu.turku.fi\/katedral\/?page_id=3884"},"modified":"2023-09-18T14:43:50","modified_gmt":"2023-09-18T12:43:50","slug":"ordningsregler","status":"publish","type":"page","link":"https:\/\/info.edu.turku.fi\/katedral\/ordningsregler\/","title":{"rendered":"Ordningsregler"},"content":{"rendered":"\n<h2 class=\"wp-block-heading\">Ordningsregler f\u00f6r gymnasierna i \u00c5bo <\/h2>\n\n\n\n<p>Godk\u00e4nda i ledningsgruppen f\u00f6r \u00c5bos gymnasieutbildning 25.5.2023, i svenska sektionen som en del av GLP 13.6.2023. <\/p>\n\n\n\n<h3 class=\"wp-block-heading\">Avsikten med ordningsreglerna <\/h3>\n\n\n\n<p>Enligt gymnasielagen har den studerande r\u00e4tt till en trygg studiemilj\u00f6 (Gymnasielagen 40 \u00a7). Avsikten med ordningsreglerna \u00e4r att fr\u00e4mja den interna ordningen, en obehindrad studieg\u00e5ng samt studiegemenskapens trygghet och trivsel. Var och en b\u00e4r ansvar f\u00f6r den goda atmosf\u00e4ren, ett gott uppf\u00f6rande samt ett artigt och korrekt beteende. <\/p>\n\n\n\n<p>Ordningsreglerna \u00e4r i kraft d\u00e5 den studerande deltar i l\u00e4roanstaltens verksamhet i enlighet med \u00e5rsplanen. Verksamheten kan \u00e4ga rum b\u00e5de i l\u00e4roanstalten och utanf\u00f6r skolbyggnaden och -omr\u00e5det, s\u00e5som studiebes\u00f6k och visiter samt studieresor. <\/p>\n\n\n\n<p>Ordningsreglerna f\u00f6r \u00c5bos gymnasier kompletteras av de gymnasiespecifika ordningsreglerna, vilkas godk\u00e4nnande rektorn fattar beslut om efter att ha h\u00f6rt studerandek\u00e5ren och l\u00e4rark\u00e5ren. <\/p>\n\n\n\n<h3 class=\"wp-block-heading\">Den studerandes skyldigheter och allm\u00e4nna uppf\u00f6rande <\/h3>\n\n\n\n<p>Den studerande \u00e4r skyldig att delta i undervisningen om det inte finns en grundad anledning f\u00f6r fr\u00e5nvaro. Den studerande ska utf\u00f6ra sina uppgifter samvetsgrant och upptr\u00e4da korrekt. Den studerande ska l\u00e5ta bli att mobba eller diskriminera samt handla s\u00e5 att den studerande inte \u00e4ventyrar andra studerandes, l\u00e4roanstaltsgemenskapens eller studiemilj\u00f6ns s\u00e4kerhet eller h\u00e4lsa. (Gymnasielagen 30 \u00a7) <\/p>\n\n\n\n<p>Den studerande b\u00f6r ha med sig den utrustning som beh\u00f6vs f\u00f6r skolarbetet. <\/p>\n\n\n\n<p>Ett fotografi, en videofilm eller \u00f6vrig inspelning av en annan person f\u00e5r inte utan dennas tillst\u00e5nd publiceras p\u00e5 internet, sociala medier eller n\u00e5gon annan offentlig plats och inte f\u00f6rmedlas vidare. Under lektionerna f\u00e5r man inte fotografera, filma eller spela in utan tillst\u00e5nd av \u00e4mnesl\u00e4raren, rektorn eller bitr\u00e4dande rektorn. <\/p>\n\n\n\n<p>I skolan b\u00f6r man iaktta prydlighet. Skolans egendom och skolans studieredskap som den studerande innehar, till exempel en b\u00e4rbar dator, ska behandlas omsorgsfullt. Om det skett en skada eller ett f\u00f6rsvinnande b\u00f6r man genast meddela detta till skolans personal. Skador p\u00e5 stadens apparat som anv\u00e4nds av den studerande ska ers\u00e4ttas i enlighet med \u00c5bo stads anv\u00e4ndarregler f\u00f6r apparater och separata anvisningar. <\/p>\n\n\n\n<p>Skolan ansvar inte f\u00f6r skador eller st\u00f6lder som riktar sig mot den studerandes personliga egendom. <\/p>\n\n\n\n<h3 class=\"wp-block-heading\">Rusmedel och farliga f\u00f6rem\u00e5l <\/h3>\n\n\n\n<p>Till l\u00e4roanstalten f\u00e5r inte medf\u00f6ras och under arbetsdagen f\u00e5r inte innehas s\u00e5dana f\u00f6rem\u00e5l eller \u00e4mnen som enligt n\u00e5gon annan lag inte f\u00e5r innehas eller med vilka den egna eller n\u00e5gon annans s\u00e4kerhet kan \u00e4ventyras eller som s\u00e4rskilt l\u00e4mpar sig f\u00f6r att skada egendom och i fr\u00e5ga om vilka det inte finns n\u00e5gon godtagbar orsak f\u00f6r att de ska f\u00e5 innehas. (Gymnasielagen 40 \u00a7) <\/p>\n\n\n\n<p>Rusmedel \u00e4r f\u00f6rbjudna inom skolans omr\u00e5de och under tillst\u00e4llningar arrangerade av skolan. Det \u00e4r f\u00f6rbjudet att ha med sig och inta alkohol samt att upptr\u00e4da under alkoholp\u00e5verkan. Anv\u00e4ndning och innehav av droger samt att upptr\u00e4da under p\u00e5verkan av dessa \u00e4r f\u00f6rbjudet. R\u00f6kning och anv\u00e4ndning av ecigarretter och snus \u00e4r f\u00f6rbjudet. F\u00f6r personer under 18 \u00e5r \u00e4r det ocks\u00e5 f\u00f6rbjudet att inneha tobaksprodukter. <\/p>\n\n\n\n<h3 class=\"wp-block-heading\">Fusk <\/h3>\n\n\n\n<p>Fusk \u00e4r till exempel luntning vid provtillf\u00e4lle, direkt kopiering utan k\u00e4llh\u00e4nvisning, att presentera en produkt gjord av artificiell intelligens som sin egen prestation, \u00e5teranv\u00e4ndning av tidigare gjorda redan bed\u00f6mda egna eller andras arbeten och handel med prestationer. En prestation som utf\u00f6rts o\u00e4rligt kan inte bed\u00f6mas p\u00e5 grund av bristande bevis p\u00e5 kunnande. <\/p>\n\n\n\n<p>Fusk vid utf\u00f6randet av studierna leder till p\u00e5f\u00f6ljder vilka med beaktande av handlingens grovhet och upprepade f\u00f6rekomst \u00e4r diskussion med l\u00e4raren, samtal med rektorn, h\u00f6rande av den studerande och vid behov v\u00e5rdnadshavaren, skriftlig varning eller avst\u00e4ngning f\u00f6r viss tid. Om fusk i studentexamen stadgas i lagen om studentexamen. (Lagen om studentexamen 15 \u00a7) <\/p>\n\n\n\n<h3 class=\"wp-block-heading\">Disciplin <\/h3>\n\n\n\n<p>Brott mot ordningsreglerna kan leda till disciplin\u00e4ra \u00e5tg\u00e4rder. <\/p>\n\n\n\n<p>En studerande som st\u00f6r undervisningen eller i \u00f6vrigt bryter mot ordningen eller g\u00f6r sig skyldig till fusk kan ges en skriftlig varning. Om f\u00f6rseelsen \u00e4r allvarlig eller om den studerande forts\u00e4tter att uppf\u00f6ra sig ol\u00e4mpligt p\u00e5 ovan avsett s\u00e4tt efter en skriftlig varning, kan den studerande avst\u00e4ngas fr\u00e5n l\u00e4roanstalten f\u00f6r viss tid, dock h\u00f6gst ett \u00e5r. De ovan angivna \u00e5tg\u00e4rderna \u00e4r disciplin\u00e4ra \u00e5tg\u00e4rder. En l\u00e4ropliktig kan dock avst\u00e4ngas fr\u00e5n l\u00e4roanstalten f\u00f6r h\u00f6gst tre m\u00e5nader. (Gymnasielagen 41 \u00a7) <\/p>\n\n\n\n<p>En studerande som st\u00f6r undervisningen kan bli tillsagd att l\u00e4mna klassrummet eller ett annat rum d\u00e4r undervisningen ges f\u00f6r den tid som \u00e5terst\u00e5r av lektionen, eller en tillst\u00e4llning som arrangeras av l\u00e4roanstalten. (Gymnasielagen 41 \u00a7) <\/p>\n\n\n\n<p>En studerande kan f\u00f6rv\u00e4gras r\u00e4tt att delta i undervisningen f\u00f6r h\u00f6gst tre arbetsdagar. (Gymnasielagen 41 \u00a7) <\/p>\n\n\n\n<p>\u00c5bos gymnasier har en gemensam plan f\u00f6r bruket av disciplin\u00e4ra \u00e5tg\u00e4rder och f\u00f6rfaringss\u00e4tt som ber\u00f6r dessa.<\/p>\n","protected":false},"excerpt":{"rendered":"<p>Ordningsregler f\u00f6r gymnasierna i \u00c5bo Godk\u00e4nda i ledningsgruppen f\u00f6r \u00c5bos gymnasieutbildning 25.5.2023, i svenska sektionen som en del av GLP 13.6.2023. Avsikten med ordningsreglerna Enligt gymnasielagen har den studerande r\u00e4tt till en trygg studiemilj\u00f6 (Gymnasielagen 40 \u00a7). Avsikten med ordningsreglerna <a href=\"https:\/\/info.edu.turku.fi\/katedral\/ordningsregler\/\" class=\"read-more\">L\u00e4s mera &#8230;<\/a><\/p>\n","protected":false},"author":1,"featured_media":0,"parent":0,"menu_order":0,"comment_status":"closed","ping_status":"closed","template":"","meta":{"footnotes":""},"_links":{"self":[{"href":"https:\/\/info.edu.turku.fi\/katedral\/wp-json\/wp\/v2\/pages\/3884"}],"collection":[{"href":"https:\/\/info.edu.turku.fi\/katedral\/wp-json\/wp\/v2\/pages"}],"about":[{"href":"https:\/\/info.edu.turku.fi\/katedral\/wp-json\/wp\/v2\/types\/page"}],"author":[{"embeddable":true,"href":"https:\/\/info.edu.turku.fi\/katedral\/wp-json\/wp\/v2\/users\/1"}],"replies":[{"embeddable":true,"href":"https:\/\/info.edu.turku.fi\/katedral\/wp-json\/wp\/v2\/comments?post=3884"}],"version-history":[{"count":1,"href":"https:\/\/info.edu.turku.fi\/katedral\/wp-json\/wp\/v2\/pages\/3884\/revisions"}],"predecessor-version":[{"id":3885,"href":"https:\/\/info.edu.turku.fi\/katedral\/wp-json\/wp\/v2\/pages\/3884\/revisions\/3885"}],"wp:attachment":[{"href":"https:\/\/info.edu.turku.fi\/katedral\/wp-json\/wp\/v2\/media?parent=3884"}],"curies":[{"name":"wp","href":"https:\/\/api.w.org\/{rel}","templated":true}]}}